{"id":1945,"date":"2017-04-28T09:24:06","date_gmt":"2017-04-28T07:24:06","guid":{"rendered":"http:\/\/www.zahnzentrumkoeln.de\/wp-content\/uploads\/2017\/04\/i-d\u00f6tzchen-Flyer-DINLang6seitg.jpg"},"modified":"2017-04-28T09:24:06","modified_gmt":"2017-04-28T07:24:06","slug":"i-doetzchen-flyer-dinlang6seitg-2","status":"inherit","type":"attachment","link":"https:\/\/www.zahnzentrumkoeln.de\/en\/i-doetzchen-flyer-dinlang6seitg-2\/","title":{"rendered":"i-d\u00f6tzchen Flyer DINLang6seitg"},"author":1,"featured_media":0,"comment_status":"open","ping_status":"closed","template":"","meta":[],"class_list":["post-1945","attachment","type-attachment","status-inherit","hentry"],"yoast_head":"<!-- This site is optimized with the Yoast SEO plugin v27.1.1 - https:\/\/yoast.com\/product\/yoast-seo-wordpress\/ -->\n<title>i-d\u00f6tzchen Flyer DINLang6seitg - Zahnzentrum K\u00f6ln<\/title>\n<meta name=\"robots\" content=\"index, follow, max-snippet:-1, max-image-preview:large, max-video-preview:-1\" \/>\n<link rel=\"canonical\" href=\"https:\/\/www.zahnzentrumkoeln.de\/en\/wp-content\/uploads\/2017\/04\/i-d\u00f6tzchen-Flyer-DINLang6seitg.jpg\" \/>\n<meta property=\"og:locale\" content=\"en_US\" \/>\n<meta property=\"og:type\" content=\"article\" \/>\n<meta property=\"og:title\" content=\"i-d\u00f6tzchen Flyer DINLang6seitg - Zahnzentrum K\u00f6ln\" \/>\n<meta property=\"og:url\" content=\"https:\/\/www.zahnzentrumkoeln.de\/wp-content\/uploads\/2017\/04\/i-d\u00f6tzchen-Flyer-DINLang6seitg.jpg\" \/>\n<meta property=\"og:site_name\" content=\"Zahnzentrum K\u00f6ln\" \/>\n<meta property=\"og:image\" content=\"https:\/\/www.zahnzentrumkoeln.de\/wp-content\/uploads\/2017\/04\/i-d\u00f6tzchen-Flyer-DINLang6seitg.jpg\" \/>\n\t<meta property=\"og:image:width\" content=\"3508\" \/>\n\t<meta property=\"og:image:height\" content=\"2480\" \/>\n\t<meta property=\"og:image:type\" content=\"image\/jpeg\" \/>\n<meta name=\"twitter:card\" content=\"summary_large_image\" \/>\n<script type=\"application\/ld+json\" class=\"yoast-schema-graph\">{\"@context\":\"https:\/\/schema.org\",\"@graph\":[{\"@type\":\"WebPage\",\"@id\":\"https:\/\/www.zahnzentrumkoeln.de\/wp-content\/uploads\/2017\/04\/i-d\u00f6tzchen-Flyer-DINLang6seitg.jpg\",\"url\":\"https:\/\/www.zahnzentrumkoeln.de\/wp-content\/uploads\/2017\/04\/i-d\u00f6tzchen-Flyer-DINLang6seitg.jpg\",\"name\":\"i-d\u00f6tzchen Flyer DINLang6seitg - Zahnzentrum K\u00f6ln\",\"isPartOf\":{\"@id\":\"https:\/\/www.zahnzentrumkoeln.de\/#website\"},\"datePublished\":\"2017-04-28T07:24:06+00:00\",\"breadcrumb\":{\"@id\":\"https:\/\/www.zahnzentrumkoeln.de\/wp-content\/uploads\/2017\/04\/i-d\u00f6tzchen-Flyer-DINLang6seitg.jpg#breadcrumb\"},\"inLanguage\":\"en-US\",\"potentialAction\":[{\"@type\":\"ReadAction\",\"target\":[\"https:\/\/www.zahnzentrumkoeln.de\/wp-content\/uploads\/2017\/04\/i-d\u00f6tzchen-Flyer-DINLang6seitg.jpg\"]}]},{\"@type\":\"BreadcrumbList\",\"@id\":\"https:\/\/www.zahnzentrumkoeln.de\/wp-content\/uploads\/2017\/04\/i-d\u00f6tzchen-Flyer-DINLang6seitg.jpg#breadcrumb\",\"itemListElement\":[{\"@type\":\"ListItem\",\"position\":1,\"name\":\"Startseite\",\"item\":\"https:\/\/www.zahnzentrumkoeln.de\/en\/\"},{\"@type\":\"ListItem\",\"position\":2,\"name\":\"i-d\u00f6tzchen Flyer DINLang6seitg\"}]},{\"@type\":\"WebSite\",\"@id\":\"https:\/\/www.zahnzentrumkoeln.de\/#website\",\"url\":\"https:\/\/www.zahnzentrumkoeln.de\/\",\"name\":\"Zahnzentrum K\u00f6ln\",\"description\":\"Dr. J\u00f6rg Michel, Dr. Emre Uysal &amp; Kollegen\",\"potentialAction\":[{\"@type\":\"SearchAction\",\"target\":{\"@type\":\"EntryPoint\",\"urlTemplate\":\"https:\/\/www.zahnzentrumkoeln.de\/?s={search_term_string}\"},\"query-input\":{\"@type\":\"PropertyValueSpecification\",\"valueRequired\":true,\"valueName\":\"search_term_string\"}}],\"inLanguage\":\"en-US\"}]}<\/script>\n<!-- \/ Yoast SEO plugin. -->","yoast_head_json":{"title":"i-d\u00f6tzchen Flyer DINLang6seitg - Zahnzentrum K\u00f6ln","robots":{"index":"index","follow":"follow","max-snippet":"max-snippet:-1","max-image-preview":"max-image-preview:large","max-video-preview":"max-video-preview:-1"},"canonical":"https:\/\/www.zahnzentrumkoeln.de\/en\/wp-content\/uploads\/2017\/04\/i-d\u00f6tzchen-Flyer-DINLang6seitg.jpg","og_locale":"en_US","og_type":"article","og_title":"i-d\u00f6tzchen Flyer DINLang6seitg - Zahnzentrum K\u00f6ln","og_url":"https:\/\/www.zahnzentrumkoeln.de\/wp-content\/uploads\/2017\/04\/i-d\u00f6tzchen-Flyer-DINLang6seitg.jpg","og_site_name":"Zahnzentrum K\u00f6ln","og_image":[{"width":3508,"height":2480,"url":"https:\/\/www.zahnzentrumkoeln.de\/wp-content\/uploads\/2017\/04\/i-d\u00f6tzchen-Flyer-DINLang6seitg.jpg","type":"image\/jpeg"}],"twitter_card":"summary_large_image","schema":{"@context":"https:\/\/schema.org","@graph":[{"@type":"WebPage","@id":"https:\/\/www.zahnzentrumkoeln.de\/wp-content\/uploads\/2017\/04\/i-d\u00f6tzchen-Flyer-DINLang6seitg.jpg","url":"https:\/\/www.zahnzentrumkoeln.de\/wp-content\/uploads\/2017\/04\/i-d\u00f6tzchen-Flyer-DINLang6seitg.jpg","name":"i-d\u00f6tzchen Flyer DINLang6seitg - Zahnzentrum K\u00f6ln","isPartOf":{"@id":"https:\/\/www.zahnzentrumkoeln.de\/#website"},"datePublished":"2017-04-28T07:24:06+00:00","breadcrumb":{"@id":"https:\/\/www.zahnzentrumkoeln.de\/wp-content\/uploads\/2017\/04\/i-d\u00f6tzchen-Flyer-DINLang6seitg.jpg#breadcrumb"},"inLanguage":"en-US","potentialAction":[{"@type":"ReadAction","target":["https:\/\/www.zahnzentrumkoeln.de\/wp-content\/uploads\/2017\/04\/i-d\u00f6tzchen-Flyer-DINLang6seitg.jpg"]}]},{"@type":"BreadcrumbList","@id":"https:\/\/www.zahnzentrumkoeln.de\/wp-content\/uploads\/2017\/04\/i-d\u00f6tzchen-Flyer-DINLang6seitg.jpg#breadcrumb","itemListElement":[{"@type":"ListItem","position":1,"name":"Startseite","item":"https:\/\/www.zahnzentrumkoeln.de\/en\/"},{"@type":"ListItem","position":2,"name":"i-d\u00f6tzchen Flyer DINLang6seitg"}]},{"@type":"WebSite","@id":"https:\/\/www.zahnzentrumkoeln.de\/#website","url":"https:\/\/www.zahnzentrumkoeln.de\/","name":"Zahnzentrum K\u00f6ln","description":"Dr. J\u00f6rg Michel, Dr. Emre Uysal &amp; Kollegen","potentialAction":[{"@type":"SearchAction","target":{"@type":"EntryPoint","urlTemplate":"https:\/\/www.zahnzentrumkoeln.de\/?s={search_term_string}"},"query-input":{"@type":"PropertyValueSpecification","valueRequired":true,"valueName":"search_term_string"}}],"inLanguage":"en-US"}]}},"smush":{"stats":{"time":0.5700000000000001,"bytes":0,"percent":0,"size_before":1605590,"size_after":1605590,"lossy":0,"keep_exif":0,"api_version":"1.0"},"sizes":{"testimonials":{"time":0.01,"bytes":0,"percent":0,"size_before":3289,"size_after":3289},"post-thumbnail":{"time":0.01,"bytes":0,"percent":0,"size_before":10490,"size_after":10490},"blog-navi":{"time":0.01,"bytes":0,"percent":0,"size_before":2848,"size_after":2848},"thumbnail":{"time":0.01,"bytes":0,"percent":0,"size_before":8100,"size_after":8100},"50x50":{"time":0,"bytes":0,"percent":0,"size_before":1428,"size_after":1428},"medium":{"time":0.01,"bytes":0,"percent":0,"size_before":19771,"size_after":19771},"clients-slider":{"time":0.02,"bytes":0,"percent":0,"size_before":3612,"size_after":3612},"portfolio-mf-w":{"time":0.03,"bytes":0,"percent":0,"size_before":138170,"size_after":138170},"large":{"time":0.04,"bytes":0,"percent":0,"size_before":155629,"size_after":155629},"portfolio-mf-t":{"time":0.04,"bytes":0,"percent":0,"size_before":133781,"size_after":133781},"blog-single":{"time":0.04,"bytes":0,"percent":0,"size_before":127732,"size_after":127732},"portfolio-mf":{"time":0.05,"bytes":0,"percent":0,"size_before":243031,"size_after":243031},"slider-content":{"time":0.07,"bytes":0,"percent":0,"size_before":253572,"size_after":253572},"portfolio-list":{"time":0.12,"bytes":0,"percent":0,"size_before":249532,"size_after":249532},"blog-portfolio":{"time":0.07,"bytes":0,"percent":0,"size_before":156558,"size_after":156558},"medium_large":{"time":0.04,"bytes":0,"percent":0,"size_before":98047,"size_after":98047}}},"description":{"rendered":"<p class=\"attachment\"><a href='https:\/\/www.zahnzentrumkoeln.de\/wp-content\/uploads\/2017\/04\/i-d\u00f6tzchen-Flyer-DINLang6seitg.jpg'><img loading=\"lazy\" decoding=\"async\" width=\"300\" height=\"212\" src=\"https:\/\/www.zahnzentrumkoeln.de\/wp-content\/uploads\/2017\/04\/i-d\u00f6tzchen-Flyer-DINLang6seitg-300x212.jpg\" class=\"attachment-medium size-medium\" alt=\"\" srcset=\"https:\/\/www.zahnzentrumkoeln.de\/wp-content\/uploads\/2017\/04\/i-d\u00f6tzchen-Flyer-DINLang6seitg-300x212.jpg 300w, https:\/\/www.zahnzentrumkoeln.de\/wp-content\/uploads\/2017\/04\/i-d\u00f6tzchen-Flyer-DINLang6seitg-768x543.jpg 768w, https:\/\/www.zahnzentrumkoeln.de\/wp-content\/uploads\/2017\/04\/i-d\u00f6tzchen-Flyer-DINLang6seitg-1024x724.jpg 1024w, https:\/\/www.zahnzentrumkoeln.de\/wp-content\/uploads\/2017\/04\/i-d\u00f6tzchen-Flyer-DINLang6seitg-207x146.jpg 207w, https:\/\/www.zahnzentrumkoeln.de\/wp-content\/uploads\/2017\/04\/i-d\u00f6tzchen-Flyer-DINLang6seitg-50x35.jpg 50w, https:\/\/www.zahnzentrumkoeln.de\/wp-content\/uploads\/2017\/04\/i-d\u00f6tzchen-Flyer-DINLang6seitg-106x75.jpg 106w\" sizes=\"auto, (max-width:767px) 300px, 300px\" \/><\/a><\/p>\n"},"caption":{"rendered":""},"alt_text":"","media_type":"image","mime_type":"image\/jpeg","media_details":{"width":3508,"height":2480,"file":"2017\/04\/i-d\u00f6tzchen-Flyer-DINLang6seitg.jpg","sizes":{"thumbnail":{"file":"i-d\u00f6tzchen-Flyer-DINLang6seitg-150x150.jpg","width":150,"height":150,"filesize":0,"mime_type":"image\/jpeg","source_url":"https:\/\/www.zahnzentrumkoeln.de\/wp-content\/uploads\/2017\/04\/i-d\u00f6tzchen-Flyer-DINLang6seitg-150x150.jpg"},"medium":{"file":"i-d\u00f6tzchen-Flyer-DINLang6seitg-300x212.jpg","width":300,"height":212,"filesize":0,"mime_type":"image\/jpeg","source_url":"https:\/\/www.zahnzentrumkoeln.de\/wp-content\/uploads\/2017\/04\/i-d\u00f6tzchen-Flyer-DINLang6seitg-300x212.jpg"},"medium_large":{"file":"i-d\u00f6tzchen-Flyer-DINLang6seitg-768x543.jpg","width":768,"height":543,"filesize":0,"mime_type":"image\/jpeg","source_url":"https:\/\/www.zahnzentrumkoeln.de\/wp-content\/uploads\/2017\/04\/i-d\u00f6tzchen-Flyer-DINLang6seitg-768x543.jpg"},"large":{"file":"i-d\u00f6tzchen-Flyer-DINLang6seitg-1024x724.jpg","width":1024,"height":724,"filesize":0,"mime_type":"image\/jpeg","source_url":"https:\/\/www.zahnzentrumkoeln.de\/wp-content\/uploads\/2017\/04\/i-d\u00f6tzchen-Flyer-DINLang6seitg-1024x724.jpg"},"post-thumbnail":{"file":"i-d\u00f6tzchen-Flyer-DINLang6seitg-207x146.jpg","width":207,"height":146,"filesize":0,"mime_type":"image\/jpeg","source_url":"https:\/\/www.zahnzentrumkoeln.de\/wp-content\/uploads\/2017\/04\/i-d\u00f6tzchen-Flyer-DINLang6seitg-207x146.jpg"},"50x50":{"file":"i-d\u00f6tzchen-Flyer-DINLang6seitg-50x35.jpg","width":50,"height":35,"filesize":0,"mime_type":"image\/jpeg","source_url":"https:\/\/www.zahnzentrumkoeln.de\/wp-content\/uploads\/2017\/04\/i-d\u00f6tzchen-Flyer-DINLang6seitg-50x35.jpg"},"clients-slider":{"file":"i-d\u00f6tzchen-Flyer-DINLang6seitg-106x75.jpg","width":106,"height":75,"filesize":0,"mime_type":"image\/jpeg","source_url":"https:\/\/www.zahnzentrumkoeln.de\/wp-content\/uploads\/2017\/04\/i-d\u00f6tzchen-Flyer-DINLang6seitg-106x75.jpg"},"slider-content":{"file":"i-d\u00f6tzchen-Flyer-DINLang6seitg-1630x860.jpg","width":1630,"height":860,"filesize":0,"mime_type":"image\/jpeg","source_url":"https:\/\/www.zahnzentrumkoeln.de\/wp-content\/uploads\/2017\/04\/i-d\u00f6tzchen-Flyer-DINLang6seitg-1630x860.jpg"},"testimonials":{"file":"i-d\u00f6tzchen-Flyer-DINLang6seitg-85x85.jpg","width":85,"height":85,"filesize":0,"mime_type":"image\/jpeg","source_url":"https:\/\/www.zahnzentrumkoeln.de\/wp-content\/uploads\/2017\/04\/i-d\u00f6tzchen-Flyer-DINLang6seitg-85x85.jpg"},"blog-navi":{"file":"i-d\u00f6tzchen-Flyer-DINLang6seitg-80x80.jpg","width":80,"height":80,"filesize":0,"mime_type":"image\/jpeg","source_url":"https:\/\/www.zahnzentrumkoeln.de\/wp-content\/uploads\/2017\/04\/i-d\u00f6tzchen-Flyer-DINLang6seitg-80x80.jpg"},"portfolio-mf":{"file":"i-d\u00f6tzchen-Flyer-DINLang6seitg-1280x1000.jpg","width":1280,"height":1000,"filesize":0,"mime_type":"image\/jpeg","source_url":"https:\/\/www.zahnzentrumkoeln.de\/wp-content\/uploads\/2017\/04\/i-d\u00f6tzchen-Flyer-DINLang6seitg-1280x1000.jpg"},"portfolio-mf-w":{"file":"i-d\u00f6tzchen-Flyer-DINLang6seitg-1280x500.jpg","width":1280,"height":500,"filesize":0,"mime_type":"image\/jpeg","source_url":"https:\/\/www.zahnzentrumkoeln.de\/wp-content\/uploads\/2017\/04\/i-d\u00f6tzchen-Flyer-DINLang6seitg-1280x500.jpg"},"portfolio-mf-t":{"file":"i-d\u00f6tzchen-Flyer-DINLang6seitg-768x1200.jpg","width":768,"height":1200,"filesize":0,"mime_type":"image\/jpeg","source_url":"https:\/\/www.zahnzentrumkoeln.de\/wp-content\/uploads\/2017\/04\/i-d\u00f6tzchen-Flyer-DINLang6seitg-768x1200.jpg"},"portfolio-list":{"file":"i-d\u00f6tzchen-Flyer-DINLang6seitg-1920x750.jpg","width":1920,"height":750,"filesize":0,"mime_type":"image\/jpeg","source_url":"https:\/\/www.zahnzentrumkoeln.de\/wp-content\/uploads\/2017\/04\/i-d\u00f6tzchen-Flyer-DINLang6seitg-1920x750.jpg"},"blog-portfolio":{"file":"i-d\u00f6tzchen-Flyer-DINLang6seitg-960x750.jpg","width":960,"height":750,"filesize":0,"mime_type":"image\/jpeg","source_url":"https:\/\/www.zahnzentrumkoeln.de\/wp-content\/uploads\/2017\/04\/i-d\u00f6tzchen-Flyer-DINLang6seitg-960x750.jpg"},"blog-single":{"file":"i-d\u00f6tzchen-Flyer-DINLang6seitg-1200x480.jpg","width":1200,"height":480,"filesize":0,"mime_type":"image\/jpeg","source_url":"https:\/\/www.zahnzentrumkoeln.de\/wp-content\/uploads\/2017\/04\/i-d\u00f6tzchen-Flyer-DINLang6seitg-1200x480.jpg"},"full":{"file":"i-d\u00f6tzchen-Flyer-DINLang6seitg.jpg","width":3508,"height":2480,"mime_type":"image\/jpeg","source_url":"https:\/\/www.zahnzentrumkoeln.de\/wp-content\/uploads\/2017\/04\/i-d\u00f6tzchen-Flyer-DINLang6seitg.jpg"}},"image_meta":{"aperture":"0","credit":"","camera":"","caption":"","created_timestamp":"0","copyright":"","focal_length":"0","iso":"0","shutter_speed":"0","title":"","orientation":"0","keywords":[]},"filesize":1694764},"post":null,"source_url":"https:\/\/www.zahnzentrumkoeln.de\/wp-content\/uploads\/2017\/04\/i-d\u00f6tzchen-Flyer-DINLang6seitg.jpg","_links":{"self":[{"href":"https:\/\/www.zahnzentrumkoeln.de\/en\/wp-json\/wp\/v2\/media\/1945","targetHints":{"allow":["GET"]}}],"collection":[{"href":"https:\/\/www.zahnzentrumkoeln.de\/en\/wp-json\/wp\/v2\/media"}],"about":[{"href":"https:\/\/www.zahnzentrumkoeln.de\/en\/wp-json\/wp\/v2\/types\/attachment"}],"author":[{"embeddable":true,"href":"https:\/\/www.zahnzentrumkoeln.de\/en\/wp-json\/wp\/v2\/users\/1"}],"replies":[{"embeddable":true,"href":"https:\/\/www.zahnzentrumkoeln.de\/en\/wp-json\/wp\/v2\/comments?post=1945"}]}}